{"id":11222,"date":"2024-04-22T17:39:34","date_gmt":"2024-04-22T22:39:34","guid":{"rendered":"https:\/\/latienditadesanjose.com\/?post_type=product&#038;p=11222"},"modified":"2024-04-23T12:06:24","modified_gmt":"2024-04-23T17:06:24","slug":"padre-perdonalos-acompanamiento-para-el-tiempo-de-cuaresma","status":"publish","type":"product","link":"https:\/\/latienditadesanjose.com\/index.php\/producto\/padre-perdonalos-acompanamiento-para-el-tiempo-de-cuaresma\/","title":{"rendered":"PADRE PERDONALOS ACOMPA\u00d1AMIENTO PARA EL TIEMPO DE CUARESMA"},"content":{"rendered":"<p><em><strong>Autor:<\/strong><\/em> ANSELM GRUN<\/p>\n","protected":false},"excerpt":{"rendered":"<p>Acompa\u00f1amiento para el tiempo de Cuaresma\u00bb es un libro escrito por Anselm Gr\u00fcn, un monje benedictino y autor espiritual conocido por sus escritos sobre la vida espiritual y la pr\u00e1ctica cristiana. En esta obra, Gr\u00fcn ofrece una gu\u00eda para el tiempo lit\u00fargico de la Cuaresma, que es un per\u00edodo de preparaci\u00f3n para la Pascua en la tradici\u00f3n cristiana.<\/p>\n<p>El libro se centra en el tema del perd\u00f3n y la reconciliaci\u00f3n, temas centrales en la temporada de Cuaresma, que invita a los creyentes a reflexionar sobre sus vidas, arrepentirse de sus pecados y acercarse a Dios en un esp\u00edritu de humildad y contrici\u00f3n. Gr\u00fcn proporciona reflexiones diarias, meditaciones, oraciones y pr\u00e1cticas espirituales para ayudar a los lectores a profundizar en su experiencia cuaresmal y crecer en su relaci\u00f3n con Dios.<\/p>\n<p>A trav\u00e9s de las p\u00e1ginas de \u00abPadre, perd\u00f3nalos\u00bb, Gr\u00fcn invita a los lectores a contemplar el amor misericordioso de Dios y a buscar la sanaci\u00f3n y la renovaci\u00f3n espiritual en sus vidas. Ofrece consejos pr\u00e1cticos sobre c\u00f3mo vivir una Cuaresma significativa, c\u00f3mo enfrentar los desaf\u00edos y tentaciones, y c\u00f3mo abrirse al perd\u00f3n y la gracia de Dios.<\/p>\n<p>Puede ser muy \u00fatil igual fuera de la cuaresma, estamos invitados a permanecer siempre en ese camino del perd\u00f3n.<\/p>\n","protected":false},"featured_media":11245,"comment_status":"open","ping_status":"closed","template":"","meta":{"_editorskit_title_hidden":false,"_editorskit_reading_time":0,"kt_blocks_editor_width":"","_kad_post_transparent":"default","_kad_post_title":"","_kad_post_layout":"default","_kad_post_sidebar_id":"","_kad_post_content_style":"default","_kad_post_vertical_padding":"default","_kad_post_feature":"","_kad_post_feature_position":"","_kad_post_header":false,"_kad_post_footer":false},"yoast_head":"<!-- This site is optimized with the Yoast SEO plugin v22.6 - https:\/\/yoast.com\/wordpress\/plugins\/seo\/ -->\n<title>PADRE PERDONALOS ACOMPA\u00d1AMIENTO PARA EL TIEMPO DE CUARESMA - LA TIENDITA DE SAN JOS\u00c9<\/title>\n<meta name=\"robots\" content=\"index, follow, max-snippet:-1, max-image-preview:large, max-video-preview:-1\" \/>\n<link rel=\"canonical\" href=\"https:\/\/latienditadesanjose.com\/index.php\/producto\/padre-perdonalos-acompanamiento-para-el-tiempo-de-cuaresma\/\" \/>\n<meta property=\"og:locale\" content=\"es_ES\" \/>\n<meta property=\"og:type\" content=\"article\" \/>\n<meta property=\"og:title\" content=\"PADRE PERDONALOS ACOMPA\u00d1AMIENTO PARA EL TIEMPO DE CUARESMA - LA TIENDITA DE SAN JOS\u00c9\" \/>\n<meta property=\"og:description\" content=\"Acompa\u00f1amiento para el tiempo de Cuaresma&quot; es un libro escrito por Anselm Gr\u00fcn, un monje benedictino y autor espiritual conocido por sus escritos sobre la vida espiritual y la pr\u00e1ctica cristiana. En esta obra, Gr\u00fcn ofrece una gu\u00eda para el tiempo lit\u00fargico de la Cuaresma, que es un per\u00edodo de preparaci\u00f3n para la Pascua en la tradici\u00f3n cristiana.  El libro se centra en el tema del perd\u00f3n y la reconciliaci\u00f3n, temas centrales en la temporada de Cuaresma, que invita a los creyentes a reflexionar sobre sus vidas, arrepentirse de sus pecados y acercarse a Dios en un esp\u00edritu de humildad y contrici\u00f3n. Gr\u00fcn proporciona reflexiones diarias, meditaciones, oraciones y pr\u00e1cticas espirituales para ayudar a los lectores a profundizar en su experiencia cuaresmal y crecer en su relaci\u00f3n con Dios.  A trav\u00e9s de las p\u00e1ginas de &quot;Padre, perd\u00f3nalos&quot;, Gr\u00fcn invita a los lectores a contemplar el amor misericordioso de Dios y a buscar la sanaci\u00f3n y la renovaci\u00f3n espiritual en sus vidas. Ofrece consejos pr\u00e1cticos sobre c\u00f3mo vivir una Cuaresma significativa, c\u00f3mo enfrentar los desaf\u00edos y tentaciones, y c\u00f3mo abrirse al perd\u00f3n y la gracia de Dios.  Puede ser muy \u00fatil igual fuera de la cuaresma, estamos invitados a permanecer siempre en ese camino del perd\u00f3n.\" \/>\n<meta property=\"og:url\" content=\"https:\/\/latienditadesanjose.com\/index.php\/producto\/padre-perdonalos-acompanamiento-para-el-tiempo-de-cuaresma\/\" \/>\n<meta property=\"og:site_name\" content=\"LA TIENDITA DE SAN JOS\u00c9\" \/>\n<meta property=\"article:modified_time\" content=\"2024-04-23T17:06:24+00:00\" \/>\n<meta property=\"og:image\" content=\"https:\/\/latienditadesanjose.com\/wp-content\/uploads\/2024\/04\/Padre-Perdonalos-1.jpg\" \/>\n\t<meta property=\"og:image:width\" content=\"401\" \/>\n\t<meta property=\"og:image:height\" content=\"600\" \/>\n\t<meta property=\"og:image:type\" content=\"image\/jpeg\" \/>\n<meta name=\"twitter:card\" content=\"summary_large_image\" \/>\n<meta name=\"twitter:label1\" content=\"Tiempo de lectura\" \/>\n\t<meta name=\"twitter:data1\" content=\"1 minuto\" \/>\n<script type=\"application\/ld+json\" class=\"yoast-schema-graph\">{\"@context\":\"https:\/\/schema.org\",\"@graph\":[{\"@type\":\"WebPage\",\"@id\":\"https:\/\/latienditadesanjose.com\/index.php\/producto\/padre-perdonalos-acompanamiento-para-el-tiempo-de-cuaresma\/\",\"url\":\"https:\/\/latienditadesanjose.com\/index.php\/producto\/padre-perdonalos-acompanamiento-para-el-tiempo-de-cuaresma\/\",\"name\":\"PADRE PERDONALOS ACOMPA\u00d1AMIENTO PARA EL TIEMPO DE CUARESMA - LA TIENDITA DE SAN JOS\u00c9\",\"isPartOf\":{\"@id\":\"https:\/\/latienditadesanjose.com\/#website\"},\"primaryImageOfPage\":{\"@id\":\"https:\/\/latienditadesanjose.com\/index.php\/producto\/padre-perdonalos-acompanamiento-para-el-tiempo-de-cuaresma\/#primaryimage\"},\"image\":{\"@id\":\"https:\/\/latienditadesanjose.com\/index.php\/producto\/padre-perdonalos-acompanamiento-para-el-tiempo-de-cuaresma\/#primaryimage\"},\"thumbnailUrl\":\"https:\/\/latienditadesanjose.com\/wp-content\/uploads\/2024\/04\/Padre-Perdonalos-1.jpg\",\"datePublished\":\"2024-04-22T22:39:34+00:00\",\"dateModified\":\"2024-04-23T17:06:24+00:00\",\"breadcrumb\":{\"@id\":\"https:\/\/latienditadesanjose.com\/index.php\/producto\/padre-perdonalos-acompanamiento-para-el-tiempo-de-cuaresma\/#breadcrumb\"},\"inLanguage\":\"es\",\"potentialAction\":[{\"@type\":\"ReadAction\",\"target\":[\"https:\/\/latienditadesanjose.com\/index.php\/producto\/padre-perdonalos-acompanamiento-para-el-tiempo-de-cuaresma\/\"]}]},{\"@type\":\"ImageObject\",\"inLanguage\":\"es\",\"@id\":\"https:\/\/latienditadesanjose.com\/index.php\/producto\/padre-perdonalos-acompanamiento-para-el-tiempo-de-cuaresma\/#primaryimage\",\"url\":\"https:\/\/latienditadesanjose.com\/wp-content\/uploads\/2024\/04\/Padre-Perdonalos-1.jpg\",\"contentUrl\":\"https:\/\/latienditadesanjose.com\/wp-content\/uploads\/2024\/04\/Padre-Perdonalos-1.jpg\",\"width\":401,\"height\":600},{\"@type\":\"BreadcrumbList\",\"@id\":\"https:\/\/latienditadesanjose.com\/index.php\/producto\/padre-perdonalos-acompanamiento-para-el-tiempo-de-cuaresma\/#breadcrumb\",\"itemListElement\":[{\"@type\":\"ListItem\",\"position\":1,\"name\":\"Portada\",\"item\":\"https:\/\/latienditadesanjose.com\/\"},{\"@type\":\"ListItem\",\"position\":2,\"name\":\"Tienda\",\"item\":\"https:\/\/latienditadesanjose.com\/index.php\/shop\/\"},{\"@type\":\"ListItem\",\"position\":3,\"name\":\"PADRE PERDONALOS ACOMPA\u00d1AMIENTO PARA EL TIEMPO DE CUARESMA\"}]},{\"@type\":\"WebSite\",\"@id\":\"https:\/\/latienditadesanjose.com\/#website\",\"url\":\"https:\/\/latienditadesanjose.com\/\",\"name\":\"LA TIENDITA DE SAN JOS\u00c9\",\"description\":\"Tienda cat\u00f3lica online\",\"publisher\":{\"@id\":\"https:\/\/latienditadesanjose.com\/#organization\"},\"potentialAction\":[{\"@type\":\"SearchAction\",\"target\":{\"@type\":\"EntryPoint\",\"urlTemplate\":\"https:\/\/latienditadesanjose.com\/?s={search_term_string}\"},\"query-input\":\"required name=search_term_string\"}],\"inLanguage\":\"es\"},{\"@type\":\"Organization\",\"@id\":\"https:\/\/latienditadesanjose.com\/#organization\",\"name\":\"La tiendita San Jos\u00e9\",\"url\":\"https:\/\/latienditadesanjose.com\/\",\"logo\":{\"@type\":\"ImageObject\",\"inLanguage\":\"es\",\"@id\":\"https:\/\/latienditadesanjose.com\/#\/schema\/logo\/image\/\",\"url\":\"https:\/\/latienditadesanjose.com\/wp-content\/uploads\/2024\/03\/cropped-LOGO.png\",\"contentUrl\":\"https:\/\/latienditadesanjose.com\/wp-content\/uploads\/2024\/03\/cropped-LOGO.png\",\"width\":694,\"height\":254,\"caption\":\"La tiendita San Jos\u00e9\"},\"image\":{\"@id\":\"https:\/\/latienditadesanjose.com\/#\/schema\/logo\/image\/\"}}]}<\/script>\n<!-- \/ Yoast SEO plugin. -->","yoast_head_json":{"title":"PADRE PERDONALOS ACOMPA\u00d1AMIENTO PARA EL TIEMPO DE CUARESMA - LA TIENDITA DE SAN JOS\u00c9","robots":{"index":"index","follow":"follow","max-snippet":"max-snippet:-1","max-image-preview":"max-image-preview:large","max-video-preview":"max-video-preview:-1"},"canonical":"https:\/\/latienditadesanjose.com\/index.php\/producto\/padre-perdonalos-acompanamiento-para-el-tiempo-de-cuaresma\/","og_locale":"es_ES","og_type":"article","og_title":"PADRE PERDONALOS ACOMPA\u00d1AMIENTO PARA EL TIEMPO DE CUARESMA - LA TIENDITA DE SAN JOS\u00c9","og_description":"Acompa\u00f1amiento para el tiempo de Cuaresma\" es un libro escrito por Anselm Gr\u00fcn, un monje benedictino y autor espiritual conocido por sus escritos sobre la vida espiritual y la pr\u00e1ctica cristiana. En esta obra, Gr\u00fcn ofrece una gu\u00eda para el tiempo lit\u00fargico de la Cuaresma, que es un per\u00edodo de preparaci\u00f3n para la Pascua en la tradici\u00f3n cristiana.  El libro se centra en el tema del perd\u00f3n y la reconciliaci\u00f3n, temas centrales en la temporada de Cuaresma, que invita a los creyentes a reflexionar sobre sus vidas, arrepentirse de sus pecados y acercarse a Dios en un esp\u00edritu de humildad y contrici\u00f3n. Gr\u00fcn proporciona reflexiones diarias, meditaciones, oraciones y pr\u00e1cticas espirituales para ayudar a los lectores a profundizar en su experiencia cuaresmal y crecer en su relaci\u00f3n con Dios.  A trav\u00e9s de las p\u00e1ginas de \"Padre, perd\u00f3nalos\", Gr\u00fcn invita a los lectores a contemplar el amor misericordioso de Dios y a buscar la sanaci\u00f3n y la renovaci\u00f3n espiritual en sus vidas. Ofrece consejos pr\u00e1cticos sobre c\u00f3mo vivir una Cuaresma significativa, c\u00f3mo enfrentar los desaf\u00edos y tentaciones, y c\u00f3mo abrirse al perd\u00f3n y la gracia de Dios.  Puede ser muy \u00fatil igual fuera de la cuaresma, estamos invitados a permanecer siempre en ese camino del perd\u00f3n.","og_url":"https:\/\/latienditadesanjose.com\/index.php\/producto\/padre-perdonalos-acompanamiento-para-el-tiempo-de-cuaresma\/","og_site_name":"LA TIENDITA DE SAN JOS\u00c9","article_modified_time":"2024-04-23T17:06:24+00:00","og_image":[{"width":401,"height":600,"url":"https:\/\/latienditadesanjose.com\/wp-content\/uploads\/2024\/04\/Padre-Perdonalos-1.jpg","type":"image\/jpeg"}],"twitter_card":"summary_large_image","twitter_misc":{"Tiempo de lectura":"1 minuto"},"schema":{"@context":"https:\/\/schema.org","@graph":[{"@type":"WebPage","@id":"https:\/\/latienditadesanjose.com\/index.php\/producto\/padre-perdonalos-acompanamiento-para-el-tiempo-de-cuaresma\/","url":"https:\/\/latienditadesanjose.com\/index.php\/producto\/padre-perdonalos-acompanamiento-para-el-tiempo-de-cuaresma\/","name":"PADRE PERDONALOS ACOMPA\u00d1AMIENTO PARA EL TIEMPO DE CUARESMA - LA TIENDITA DE SAN JOS\u00c9","isPartOf":{"@id":"https:\/\/latienditadesanjose.com\/#website"},"primaryImageOfPage":{"@id":"https:\/\/latienditadesanjose.com\/index.php\/producto\/padre-perdonalos-acompanamiento-para-el-tiempo-de-cuaresma\/#primaryimage"},"image":{"@id":"https:\/\/latienditadesanjose.com\/index.php\/producto\/padre-perdonalos-acompanamiento-para-el-tiempo-de-cuaresma\/#primaryimage"},"thumbnailUrl":"https:\/\/latienditadesanjose.com\/wp-content\/uploads\/2024\/04\/Padre-Perdonalos-1.jpg","datePublished":"2024-04-22T22:39:34+00:00","dateModified":"2024-04-23T17:06:24+00:00","breadcrumb":{"@id":"https:\/\/latienditadesanjose.com\/index.php\/producto\/padre-perdonalos-acompanamiento-para-el-tiempo-de-cuaresma\/#breadcrumb"},"inLanguage":"es","potentialAction":[{"@type":"ReadAction","target":["https:\/\/latienditadesanjose.com\/index.php\/producto\/padre-perdonalos-acompanamiento-para-el-tiempo-de-cuaresma\/"]}]},{"@type":"ImageObject","inLanguage":"es","@id":"https:\/\/latienditadesanjose.com\/index.php\/producto\/padre-perdonalos-acompanamiento-para-el-tiempo-de-cuaresma\/#primaryimage","url":"https:\/\/latienditadesanjose.com\/wp-content\/uploads\/2024\/04\/Padre-Perdonalos-1.jpg","contentUrl":"https:\/\/latienditadesanjose.com\/wp-content\/uploads\/2024\/04\/Padre-Perdonalos-1.jpg","width":401,"height":600},{"@type":"BreadcrumbList","@id":"https:\/\/latienditadesanjose.com\/index.php\/producto\/padre-perdonalos-acompanamiento-para-el-tiempo-de-cuaresma\/#breadcrumb","itemListElement":[{"@type":"ListItem","position":1,"name":"Portada","item":"https:\/\/latienditadesanjose.com\/"},{"@type":"ListItem","position":2,"name":"Tienda","item":"https:\/\/latienditadesanjose.com\/index.php\/shop\/"},{"@type":"ListItem","position":3,"name":"PADRE PERDONALOS ACOMPA\u00d1AMIENTO PARA EL TIEMPO DE CUARESMA"}]},{"@type":"WebSite","@id":"https:\/\/latienditadesanjose.com\/#website","url":"https:\/\/latienditadesanjose.com\/","name":"LA TIENDITA DE SAN JOS\u00c9","description":"Tienda cat\u00f3lica online","publisher":{"@id":"https:\/\/latienditadesanjose.com\/#organization"},"potentialAction":[{"@type":"SearchAction","target":{"@type":"EntryPoint","urlTemplate":"https:\/\/latienditadesanjose.com\/?s={search_term_string}"},"query-input":"required name=search_term_string"}],"inLanguage":"es"},{"@type":"Organization","@id":"https:\/\/latienditadesanjose.com\/#organization","name":"La tiendita San Jos\u00e9","url":"https:\/\/latienditadesanjose.com\/","logo":{"@type":"ImageObject","inLanguage":"es","@id":"https:\/\/latienditadesanjose.com\/#\/schema\/logo\/image\/","url":"https:\/\/latienditadesanjose.com\/wp-content\/uploads\/2024\/03\/cropped-LOGO.png","contentUrl":"https:\/\/latienditadesanjose.com\/wp-content\/uploads\/2024\/03\/cropped-LOGO.png","width":694,"height":254,"caption":"La tiendita San Jos\u00e9"},"image":{"@id":"https:\/\/latienditadesanjose.com\/#\/schema\/logo\/image\/"}}]}},"_links":{"self":[{"href":"https:\/\/latienditadesanjose.com\/index.php\/wp-json\/wp\/v2\/product\/11222"}],"collection":[{"href":"https:\/\/latienditadesanjose.com\/index.php\/wp-json\/wp\/v2\/product"}],"about":[{"href":"https:\/\/latienditadesanjose.com\/index.php\/wp-json\/wp\/v2\/types\/product"}],"replies":[{"embeddable":true,"href":"https:\/\/latienditadesanjose.com\/index.php\/wp-json\/wp\/v2\/comments?post=11222"}],"wp:featuredmedia":[{"embeddable":true,"href":"https:\/\/latienditadesanjose.com\/index.php\/wp-json\/wp\/v2\/media\/11245"}],"wp:attachment":[{"href":"https:\/\/latienditadesanjose.com\/index.php\/wp-json\/wp\/v2\/media?parent=11222"}],"curies":[{"name":"wp","href":"https:\/\/api.w.org\/{rel}","templated":true}]}}