{"id":192,"date":"2021-02-18T19:57:41","date_gmt":"2021-02-19T00:57:41","guid":{"rendered":"http:\/\/latienditadesanjose.com\/?post_type=product&#038;p=192"},"modified":"2024-11-08T11:59:08","modified_gmt":"2024-11-08T16:59:08","slug":"peluche-virgen-de-fatima","status":"publish","type":"product","link":"https:\/\/latienditadesanjose.com\/index.php\/producto\/peluche-virgen-de-fatima\/","title":{"rendered":"PELUCHE VIRGEN DE F\u00c1TIMA"},"content":{"rendered":"<ul>\n<li><span style=\"color: #808080;\">Elaborado con microfibra, relleno 100% poli\u00e9ster.<\/span><\/li>\n<li><span style=\"color: #808080;\">Viene en una hermosa caja lista para regalar.<\/span><\/li>\n<li><span style=\"color: #808080;\">Tama\u00f1o: 30 cm alto + alto de corona<\/span><\/li>\n<li><span style=\"color: #808080;\">Recomendado a partir de los 3+ a\u00f1os.<\/span><\/li>\n<\/ul>\n<p><span style=\"color: #808080;\"><em>Dise\u00f1o de Virgen de F\u00e1tima Portugal cuenta con registro de Derecho de autor.<\/em><\/span><\/p>\n<p><span style=\"color: #ff6600;\"><strong>Conoce a la Virgen de F\u00e1tima<\/strong><\/span><\/p>\n<p><span style=\"color: #808080;\">Cada 13 de mayo se celebra en todo el mundo la Fiesta de la Virgen de F\u00e1tima \ud83d\udc51, en memoria de su primera aparici\u00f3n en las colinas de Cova de Iria (Portugal) en 1917.<\/span><\/p>\n<p><span style=\"color: #808080;\">Previamente a la primera aparici\u00f3n de Nuestra Se\u00f1ora de F\u00e1tima, Luc\u00eda, Francisco y Jacinta fueron preparados por el \u00c1ngel de la Paz. Fue el domingo 13 de mayo de 1917, cuando la Virgen de F\u00e1tima realiz\u00f3 su primera aparici\u00f3n.<\/span><\/p>\n<p><span style=\"color: #808080;\">Siendo el medio d\u00eda, hab\u00edan terminado de rezar el rosario, cuando un rel\u00e1mpago rasg\u00f3 de improvisto el cielo, de repente se encuentran frente a una hermos\u00edsima Se\u00f1ora, vestida con una larga t\u00fanica blanca, su velo llega hasta el suelo y est\u00e1 adornado de oro, su sonrisa es muy amable aunque un poco triste, de sus manos juntas cuelga un rosario; ella les dice \u201cNo teman, no les har\u00e9 da\u00f1o\u201d; es aqu\u00ed cuando les pide que acudan al mismo lugar y a la misma hora, durante seis meses, todos los 13 de cada mes.<\/span><\/p>\n<p><span style=\"color: #808080;\">La Virgen les pregunta a los ni\u00f1os \u201c\u00bfQuieren ofrecer al Se\u00f1or todos los sufrimientos que \u00c9l les mande para la conversi\u00f3n de los pobres pecadores, para reparar las blasfemias y las ofensas hechas al Coraz\u00f3n Inmaculado de Mar\u00eda?\u201d \u201cRecen todos los d\u00edas el Santo Rosario por la paz del mundo\u201d<\/span><\/p>\n<p><span style=\"color: #808080;\">Los siguientes meses los ni\u00f1os acudieron las veces que la Virgen los llamaba, pero tuvieron que pasar por burlas, calumnias, amenazas y la c\u00e1rcel por la incomprensi\u00f3n de la gente. Poco despu\u00e9s Francisco y Jacinta fallecieron con dolorosas enfermedades.<\/span><\/p>\n<p><span style=\"color: #808080;\">Con el tiempo la Iglesia reconoci\u00f3 las apariciones milagrosas y la devoci\u00f3n a la Virgen de F\u00e1tima se expandi\u00f3 por todo el mundo.<\/span><\/p>\n<p><span style=\"color: #808080;\">San Juan Pablo II consagr\u00f3 a Rusia al Inmaculado Coraz\u00f3n de Mar\u00eda, tal como hab\u00eda sido el pedido de la Madre de Dios y beatific\u00f3 a los videntes Jacinto y Francisca en el 2000 con la presencia de Sor Luc\u00eda, quien falleci\u00f3 en el 2005.<\/span><\/p>\n","protected":false},"excerpt":{"rendered":"<p><span style=\"color: #333399;\">Con su suavidad y acogedor dise\u00f1o, de seguro se convertir\u00e1 en la Virgencita preferida de tu peque\u00f1o\/a. Hemos cuidado los detalles iconogr\u00e1ficos m\u00e1s representativos de esta hermosa advocaci\u00f3n Mariana, por lo que resultar\u00e1 ser la forma m\u00e1s divertida para aprender sobre los misterios, apariciones, dones o atributos, circunstancias hist\u00f3ricas o geogr\u00e1ficas que realiz\u00f3\u00a0 la Virgen Mar\u00eda en la advocaci\u00f3n de F\u00e1tima Portugal y sobre todo ense\u00f1ar amar a nuestra Reina Celestial desde muy temprana edad.<\/span><\/p>\n<p><span style=\"color: #333399;\">Muchos amamos a la Virgen Mari\u0301a, pero la llamamos o advocamos con un nombre distinto, refirie\u0301ndonos a la manera en que Mari\u0301a quiso manifestarse en ese lugar. Tambie\u0301n por eso se fabrican distintas ima\u0301genes, se las visten y se las pintan de diferentes formas.<\/span><br \/>\n<span style=\"color: #333399;\">\u2800\u2800\u2800\u2800\u2800\u2800\u2800\u2800\u2800<\/span><br \/>\n<span style=\"color: #333399;\">Es decir <strong>no hay multitud de vi\u0301rgenes, hay una sola Virgen<\/strong>; se le otorgan distintos nombres y ti\u0301tulos de acuerdo al lugar de devocio\u0301n, aparicio\u0301n o patronazgo.<\/span><\/p>\n","protected":false},"featured_media":11259,"comment_status":"open","ping_status":"closed","template":"","meta":{"_editorskit_title_hidden":false,"_editorskit_reading_time":0,"kt_blocks_editor_width":"","_kad_post_transparent":"default","_kad_post_title":"","_kad_post_layout":"default","_kad_post_sidebar_id":"","_kad_post_content_style":"default","_kad_post_vertical_padding":"default","_kad_post_feature":"","_kad_post_feature_position":"","_kad_post_header":false,"_kad_post_footer":false},"yoast_head":"<!-- This site is optimized with the Yoast SEO plugin v22.6 - https:\/\/yoast.com\/wordpress\/plugins\/seo\/ -->\n<title>PELUCHE VIRGEN DE F\u00c1TIMA - LA TIENDITA DE SAN JOS\u00c9<\/title>\n<meta name=\"robots\" content=\"index, follow, max-snippet:-1, max-image-preview:large, max-video-preview:-1\" \/>\n<link rel=\"canonical\" href=\"https:\/\/latienditadesanjose.com\/index.php\/producto\/peluche-virgen-de-fatima\/\" \/>\n<meta property=\"og:locale\" content=\"es_ES\" \/>\n<meta property=\"og:type\" content=\"article\" \/>\n<meta property=\"og:title\" content=\"PELUCHE VIRGEN DE F\u00c1TIMA - LA TIENDITA DE SAN JOS\u00c9\" \/>\n<meta property=\"og:description\" content=\"Con su suavidad y acogedor dise\u00f1o, de seguro se convertir\u00e1 en la Virgencita preferida de tu peque\u00f1o\/a. Hemos cuidado los detalles iconogr\u00e1ficos m\u00e1s representativos de esta hermosa advocaci\u00f3n Mariana, por lo que resultar\u00e1 ser la forma m\u00e1s divertida para aprender sobre los misterios, apariciones, dones o atributos, circunstancias hist\u00f3ricas o geogr\u00e1ficas que realiz\u00f3\u00a0 la Virgen Mar\u00eda en la advocaci\u00f3n de F\u00e1tima Portugal y sobre todo ense\u00f1ar amar a nuestra Reina Celestial desde muy temprana edad.  Muchos amamos a la Virgen Mari\u0301a, pero la llamamos o advocamos con un nombre distinto, refirie\u0301ndonos a la manera en que Mari\u0301a quiso manifestarse en ese lugar. Tambie\u0301n por eso se fabrican distintas ima\u0301genes, se las visten y se las pintan de diferentes formas. \u2800\u2800\u2800\u2800\u2800\u2800\u2800\u2800\u2800 Es decir no hay multitud de vi\u0301rgenes, hay una sola Virgen; se le otorgan distintos nombres y ti\u0301tulos de acuerdo al lugar de devocio\u0301n, aparicio\u0301n o patronazgo.\" \/>\n<meta property=\"og:url\" content=\"https:\/\/latienditadesanjose.com\/index.php\/producto\/peluche-virgen-de-fatima\/\" \/>\n<meta property=\"og:site_name\" content=\"LA TIENDITA DE SAN JOS\u00c9\" \/>\n<meta property=\"article:modified_time\" content=\"2024-11-08T16:59:08+00:00\" \/>\n<meta property=\"og:image\" content=\"https:\/\/latienditadesanjose.com\/wp-content\/uploads\/2021\/02\/fati-blanco.png\" \/>\n\t<meta property=\"og:image:width\" content=\"1080\" \/>\n\t<meta property=\"og:image:height\" content=\"1080\" \/>\n\t<meta property=\"og:image:type\" content=\"image\/png\" \/>\n<meta name=\"twitter:card\" content=\"summary_large_image\" \/>\n<meta name=\"twitter:label1\" content=\"Tiempo de lectura\" \/>\n\t<meta name=\"twitter:data1\" content=\"2 minutos\" \/>\n<script type=\"application\/ld+json\" class=\"yoast-schema-graph\">{\"@context\":\"https:\/\/schema.org\",\"@graph\":[{\"@type\":\"WebPage\",\"@id\":\"https:\/\/latienditadesanjose.com\/index.php\/producto\/peluche-virgen-de-fatima\/\",\"url\":\"https:\/\/latienditadesanjose.com\/index.php\/producto\/peluche-virgen-de-fatima\/\",\"name\":\"PELUCHE VIRGEN DE F\u00c1TIMA - LA TIENDITA DE SAN JOS\u00c9\",\"isPartOf\":{\"@id\":\"https:\/\/latienditadesanjose.com\/#website\"},\"primaryImageOfPage\":{\"@id\":\"https:\/\/latienditadesanjose.com\/index.php\/producto\/peluche-virgen-de-fatima\/#primaryimage\"},\"image\":{\"@id\":\"https:\/\/latienditadesanjose.com\/index.php\/producto\/peluche-virgen-de-fatima\/#primaryimage\"},\"thumbnailUrl\":\"https:\/\/latienditadesanjose.com\/wp-content\/uploads\/2021\/02\/fati-blanco.png\",\"datePublished\":\"2021-02-19T00:57:41+00:00\",\"dateModified\":\"2024-11-08T16:59:08+00:00\",\"breadcrumb\":{\"@id\":\"https:\/\/latienditadesanjose.com\/index.php\/producto\/peluche-virgen-de-fatima\/#breadcrumb\"},\"inLanguage\":\"es\",\"potentialAction\":[{\"@type\":\"ReadAction\",\"target\":[\"https:\/\/latienditadesanjose.com\/index.php\/producto\/peluche-virgen-de-fatima\/\"]}]},{\"@type\":\"ImageObject\",\"inLanguage\":\"es\",\"@id\":\"https:\/\/latienditadesanjose.com\/index.php\/producto\/peluche-virgen-de-fatima\/#primaryimage\",\"url\":\"https:\/\/latienditadesanjose.com\/wp-content\/uploads\/2021\/02\/fati-blanco.png\",\"contentUrl\":\"https:\/\/latienditadesanjose.com\/wp-content\/uploads\/2021\/02\/fati-blanco.png\",\"width\":1080,\"height\":1080},{\"@type\":\"BreadcrumbList\",\"@id\":\"https:\/\/latienditadesanjose.com\/index.php\/producto\/peluche-virgen-de-fatima\/#breadcrumb\",\"itemListElement\":[{\"@type\":\"ListItem\",\"position\":1,\"name\":\"Portada\",\"item\":\"https:\/\/latienditadesanjose.com\/\"},{\"@type\":\"ListItem\",\"position\":2,\"name\":\"Tienda\",\"item\":\"https:\/\/latienditadesanjose.com\/index.php\/shop\/\"},{\"@type\":\"ListItem\",\"position\":3,\"name\":\"PELUCHE VIRGEN DE F\u00c1TIMA\"}]},{\"@type\":\"WebSite\",\"@id\":\"https:\/\/latienditadesanjose.com\/#website\",\"url\":\"https:\/\/latienditadesanjose.com\/\",\"name\":\"LA TIENDITA DE SAN JOS\u00c9\",\"description\":\"Tienda cat\u00f3lica online\",\"publisher\":{\"@id\":\"https:\/\/latienditadesanjose.com\/#organization\"},\"potentialAction\":[{\"@type\":\"SearchAction\",\"target\":{\"@type\":\"EntryPoint\",\"urlTemplate\":\"https:\/\/latienditadesanjose.com\/?s={search_term_string}\"},\"query-input\":\"required name=search_term_string\"}],\"inLanguage\":\"es\"},{\"@type\":\"Organization\",\"@id\":\"https:\/\/latienditadesanjose.com\/#organization\",\"name\":\"La tiendita San Jos\u00e9\",\"url\":\"https:\/\/latienditadesanjose.com\/\",\"logo\":{\"@type\":\"ImageObject\",\"inLanguage\":\"es\",\"@id\":\"https:\/\/latienditadesanjose.com\/#\/schema\/logo\/image\/\",\"url\":\"https:\/\/latienditadesanjose.com\/wp-content\/uploads\/2024\/03\/cropped-LOGO.png\",\"contentUrl\":\"https:\/\/latienditadesanjose.com\/wp-content\/uploads\/2024\/03\/cropped-LOGO.png\",\"width\":694,\"height\":254,\"caption\":\"La tiendita San Jos\u00e9\"},\"image\":{\"@id\":\"https:\/\/latienditadesanjose.com\/#\/schema\/logo\/image\/\"}}]}<\/script>\n<!-- \/ Yoast SEO plugin. -->","yoast_head_json":{"title":"PELUCHE VIRGEN DE F\u00c1TIMA - LA TIENDITA DE SAN JOS\u00c9","robots":{"index":"index","follow":"follow","max-snippet":"max-snippet:-1","max-image-preview":"max-image-preview:large","max-video-preview":"max-video-preview:-1"},"canonical":"https:\/\/latienditadesanjose.com\/index.php\/producto\/peluche-virgen-de-fatima\/","og_locale":"es_ES","og_type":"article","og_title":"PELUCHE VIRGEN DE F\u00c1TIMA - LA TIENDITA DE SAN JOS\u00c9","og_description":"Con su suavidad y acogedor dise\u00f1o, de seguro se convertir\u00e1 en la Virgencita preferida de tu peque\u00f1o\/a. Hemos cuidado los detalles iconogr\u00e1ficos m\u00e1s representativos de esta hermosa advocaci\u00f3n Mariana, por lo que resultar\u00e1 ser la forma m\u00e1s divertida para aprender sobre los misterios, apariciones, dones o atributos, circunstancias hist\u00f3ricas o geogr\u00e1ficas que realiz\u00f3\u00a0 la Virgen Mar\u00eda en la advocaci\u00f3n de F\u00e1tima Portugal y sobre todo ense\u00f1ar amar a nuestra Reina Celestial desde muy temprana edad.  Muchos amamos a la Virgen Mari\u0301a, pero la llamamos o advocamos con un nombre distinto, refirie\u0301ndonos a la manera en que Mari\u0301a quiso manifestarse en ese lugar. Tambie\u0301n por eso se fabrican distintas ima\u0301genes, se las visten y se las pintan de diferentes formas. \u2800\u2800\u2800\u2800\u2800\u2800\u2800\u2800\u2800 Es decir no hay multitud de vi\u0301rgenes, hay una sola Virgen; se le otorgan distintos nombres y ti\u0301tulos de acuerdo al lugar de devocio\u0301n, aparicio\u0301n o patronazgo.","og_url":"https:\/\/latienditadesanjose.com\/index.php\/producto\/peluche-virgen-de-fatima\/","og_site_name":"LA TIENDITA DE SAN JOS\u00c9","article_modified_time":"2024-11-08T16:59:08+00:00","og_image":[{"width":1080,"height":1080,"url":"https:\/\/latienditadesanjose.com\/wp-content\/uploads\/2021\/02\/fati-blanco.png","type":"image\/png"}],"twitter_card":"summary_large_image","twitter_misc":{"Tiempo de lectura":"2 minutos"},"schema":{"@context":"https:\/\/schema.org","@graph":[{"@type":"WebPage","@id":"https:\/\/latienditadesanjose.com\/index.php\/producto\/peluche-virgen-de-fatima\/","url":"https:\/\/latienditadesanjose.com\/index.php\/producto\/peluche-virgen-de-fatima\/","name":"PELUCHE VIRGEN DE F\u00c1TIMA - LA TIENDITA DE SAN JOS\u00c9","isPartOf":{"@id":"https:\/\/latienditadesanjose.com\/#website"},"primaryImageOfPage":{"@id":"https:\/\/latienditadesanjose.com\/index.php\/producto\/peluche-virgen-de-fatima\/#primaryimage"},"image":{"@id":"https:\/\/latienditadesanjose.com\/index.php\/producto\/peluche-virgen-de-fatima\/#primaryimage"},"thumbnailUrl":"https:\/\/latienditadesanjose.com\/wp-content\/uploads\/2021\/02\/fati-blanco.png","datePublished":"2021-02-19T00:57:41+00:00","dateModified":"2024-11-08T16:59:08+00:00","breadcrumb":{"@id":"https:\/\/latienditadesanjose.com\/index.php\/producto\/peluche-virgen-de-fatima\/#breadcrumb"},"inLanguage":"es","potentialAction":[{"@type":"ReadAction","target":["https:\/\/latienditadesanjose.com\/index.php\/producto\/peluche-virgen-de-fatima\/"]}]},{"@type":"ImageObject","inLanguage":"es","@id":"https:\/\/latienditadesanjose.com\/index.php\/producto\/peluche-virgen-de-fatima\/#primaryimage","url":"https:\/\/latienditadesanjose.com\/wp-content\/uploads\/2021\/02\/fati-blanco.png","contentUrl":"https:\/\/latienditadesanjose.com\/wp-content\/uploads\/2021\/02\/fati-blanco.png","width":1080,"height":1080},{"@type":"BreadcrumbList","@id":"https:\/\/latienditadesanjose.com\/index.php\/producto\/peluche-virgen-de-fatima\/#breadcrumb","itemListElement":[{"@type":"ListItem","position":1,"name":"Portada","item":"https:\/\/latienditadesanjose.com\/"},{"@type":"ListItem","position":2,"name":"Tienda","item":"https:\/\/latienditadesanjose.com\/index.php\/shop\/"},{"@type":"ListItem","position":3,"name":"PELUCHE VIRGEN DE F\u00c1TIMA"}]},{"@type":"WebSite","@id":"https:\/\/latienditadesanjose.com\/#website","url":"https:\/\/latienditadesanjose.com\/","name":"LA TIENDITA DE SAN JOS\u00c9","description":"Tienda cat\u00f3lica online","publisher":{"@id":"https:\/\/latienditadesanjose.com\/#organization"},"potentialAction":[{"@type":"SearchAction","target":{"@type":"EntryPoint","urlTemplate":"https:\/\/latienditadesanjose.com\/?s={search_term_string}"},"query-input":"required name=search_term_string"}],"inLanguage":"es"},{"@type":"Organization","@id":"https:\/\/latienditadesanjose.com\/#organization","name":"La tiendita San Jos\u00e9","url":"https:\/\/latienditadesanjose.com\/","logo":{"@type":"ImageObject","inLanguage":"es","@id":"https:\/\/latienditadesanjose.com\/#\/schema\/logo\/image\/","url":"https:\/\/latienditadesanjose.com\/wp-content\/uploads\/2024\/03\/cropped-LOGO.png","contentUrl":"https:\/\/latienditadesanjose.com\/wp-content\/uploads\/2024\/03\/cropped-LOGO.png","width":694,"height":254,"caption":"La tiendita San Jos\u00e9"},"image":{"@id":"https:\/\/latienditadesanjose.com\/#\/schema\/logo\/image\/"}}]}},"_links":{"self":[{"href":"https:\/\/latienditadesanjose.com\/index.php\/wp-json\/wp\/v2\/product\/192"}],"collection":[{"href":"https:\/\/latienditadesanjose.com\/index.php\/wp-json\/wp\/v2\/product"}],"about":[{"href":"https:\/\/latienditadesanjose.com\/index.php\/wp-json\/wp\/v2\/types\/product"}],"replies":[{"embeddable":true,"href":"https:\/\/latienditadesanjose.com\/index.php\/wp-json\/wp\/v2\/comments?post=192"}],"wp:featuredmedia":[{"embeddable":true,"href":"https:\/\/latienditadesanjose.com\/index.php\/wp-json\/wp\/v2\/media\/11259"}],"wp:attachment":[{"href":"https:\/\/latienditadesanjose.com\/index.php\/wp-json\/wp\/v2\/media?parent=192"}],"curies":[{"name":"wp","href":"https:\/\/api.w.org\/{rel}","templated":true}]}}