{"id":8493,"date":"2021-04-20T17:14:21","date_gmt":"2021-04-20T22:14:21","guid":{"rendered":"https:\/\/latienditadesanjose.com\/?post_type=product&#038;p=8493"},"modified":"2022-10-31T10:59:59","modified_gmt":"2022-10-31T15:59:59","slug":"protegeme-mi-angel","status":"publish","type":"product","link":"https:\/\/latienditadesanjose.com\/index.php\/producto\/protegeme-mi-angel\/","title":{"rendered":"Angelito dormido sobre alas (Prot\u00e9geme mi \u00e1ngel)"},"content":{"rendered":"<ul>\n<li><span style=\"color: #808080;\">Pintado a mano.<\/span><\/li>\n<li><span style=\"color: #808080;\">Elaborado en poliresina.<\/span><\/li>\n<li><span style=\"color: #808080;\">Viene en su caja personalizada.<\/span><\/li>\n<li><span style=\"color: #808080;\">Tama\u00f1o alto: 4.7 cm<\/span><\/li>\n<\/ul>\n","protected":false},"excerpt":{"rendered":"<p><span style=\"color: #333399;\">El Papa Juan XXIII dice que nuestra fe nos ense\u00f1a que ninguno de nosotros est\u00e1 solo, porque desde el mismo instante en que un alma es creada por Dios para un nuevo ser humano &#8211; especialmente desde que la gracia de los sacramentos lo envuelve con su luz inefable &#8211; un \u00c1ngel perteneciente a las santas falanges de los esp\u00edritus celestes, es llamado para permanecer a su lado durante todo su peregrinaje terrestre.<\/span><\/p>\n<p><span style=\"color: #333399;\">Excelente opci\u00f3n de regalo para un Bautismo o complemento para decorar un altar.<\/span><\/p>\n","protected":false},"featured_media":8469,"comment_status":"open","ping_status":"closed","template":"","meta":{"_editorskit_title_hidden":false,"_editorskit_reading_time":0,"kt_blocks_editor_width":"","_kad_post_transparent":"default","_kad_post_title":"","_kad_post_layout":"default","_kad_post_sidebar_id":"","_kad_post_content_style":"default","_kad_post_vertical_padding":"default","_kad_post_feature":"","_kad_post_feature_position":"","_kad_post_header":false,"_kad_post_footer":false},"yoast_head":"<!-- This site is optimized with the Yoast SEO plugin v22.6 - https:\/\/yoast.com\/wordpress\/plugins\/seo\/ -->\n<title>Angelito dormido sobre alas (Prot\u00e9geme mi \u00e1ngel) - LA TIENDITA DE SAN JOS\u00c9<\/title>\n<meta name=\"robots\" content=\"index, follow, max-snippet:-1, max-image-preview:large, max-video-preview:-1\" \/>\n<link rel=\"canonical\" href=\"https:\/\/latienditadesanjose.com\/index.php\/producto\/protegeme-mi-angel\/\" \/>\n<meta property=\"og:locale\" content=\"es_ES\" \/>\n<meta property=\"og:type\" content=\"article\" \/>\n<meta property=\"og:title\" content=\"Angelito dormido sobre alas (Prot\u00e9geme mi \u00e1ngel) - LA TIENDITA DE SAN JOS\u00c9\" \/>\n<meta property=\"og:description\" content=\"El Papa Juan XXIII dice que nuestra fe nos ense\u00f1a que ninguno de nosotros est\u00e1 solo, porque desde el mismo instante en que un alma es creada por Dios para un nuevo ser humano - especialmente desde que la gracia de los sacramentos lo envuelve con su luz inefable - un \u00c1ngel perteneciente a las santas falanges de los esp\u00edritus celestes, es llamado para permanecer a su lado durante todo su peregrinaje terrestre.  Excelente opci\u00f3n de regalo para un Bautismo o complemento para decorar un altar.\" \/>\n<meta property=\"og:url\" content=\"https:\/\/latienditadesanjose.com\/index.php\/producto\/protegeme-mi-angel\/\" \/>\n<meta property=\"og:site_name\" content=\"LA TIENDITA DE SAN JOS\u00c9\" \/>\n<meta property=\"article:modified_time\" content=\"2022-10-31T15:59:59+00:00\" \/>\n<meta property=\"og:image\" content=\"https:\/\/latienditadesanjose.com\/wp-content\/uploads\/2021\/04\/160036YX.jpg\" \/>\n\t<meta property=\"og:image:width\" content=\"1333\" \/>\n\t<meta property=\"og:image:height\" content=\"2000\" \/>\n\t<meta property=\"og:image:type\" content=\"image\/jpeg\" \/>\n<meta name=\"twitter:card\" content=\"summary_large_image\" \/>\n<meta name=\"twitter:label1\" content=\"Tiempo de lectura\" \/>\n\t<meta name=\"twitter:data1\" content=\"1 minuto\" \/>\n<script type=\"application\/ld+json\" class=\"yoast-schema-graph\">{\"@context\":\"https:\/\/schema.org\",\"@graph\":[{\"@type\":\"WebPage\",\"@id\":\"https:\/\/latienditadesanjose.com\/index.php\/producto\/protegeme-mi-angel\/\",\"url\":\"https:\/\/latienditadesanjose.com\/index.php\/producto\/protegeme-mi-angel\/\",\"name\":\"Angelito dormido sobre alas (Prot\u00e9geme mi \u00e1ngel) - LA TIENDITA DE SAN JOS\u00c9\",\"isPartOf\":{\"@id\":\"https:\/\/latienditadesanjose.com\/#website\"},\"primaryImageOfPage\":{\"@id\":\"https:\/\/latienditadesanjose.com\/index.php\/producto\/protegeme-mi-angel\/#primaryimage\"},\"image\":{\"@id\":\"https:\/\/latienditadesanjose.com\/index.php\/producto\/protegeme-mi-angel\/#primaryimage\"},\"thumbnailUrl\":\"https:\/\/latienditadesanjose.com\/wp-content\/uploads\/2021\/04\/160036YX.jpg\",\"datePublished\":\"2021-04-20T22:14:21+00:00\",\"dateModified\":\"2022-10-31T15:59:59+00:00\",\"breadcrumb\":{\"@id\":\"https:\/\/latienditadesanjose.com\/index.php\/producto\/protegeme-mi-angel\/#breadcrumb\"},\"inLanguage\":\"es\",\"potentialAction\":[{\"@type\":\"ReadAction\",\"target\":[\"https:\/\/latienditadesanjose.com\/index.php\/producto\/protegeme-mi-angel\/\"]}]},{\"@type\":\"ImageObject\",\"inLanguage\":\"es\",\"@id\":\"https:\/\/latienditadesanjose.com\/index.php\/producto\/protegeme-mi-angel\/#primaryimage\",\"url\":\"https:\/\/latienditadesanjose.com\/wp-content\/uploads\/2021\/04\/160036YX.jpg\",\"contentUrl\":\"https:\/\/latienditadesanjose.com\/wp-content\/uploads\/2021\/04\/160036YX.jpg\",\"width\":1333,\"height\":2000},{\"@type\":\"BreadcrumbList\",\"@id\":\"https:\/\/latienditadesanjose.com\/index.php\/producto\/protegeme-mi-angel\/#breadcrumb\",\"itemListElement\":[{\"@type\":\"ListItem\",\"position\":1,\"name\":\"Portada\",\"item\":\"https:\/\/latienditadesanjose.com\/\"},{\"@type\":\"ListItem\",\"position\":2,\"name\":\"Tienda\",\"item\":\"https:\/\/latienditadesanjose.com\/index.php\/shop\/\"},{\"@type\":\"ListItem\",\"position\":3,\"name\":\"Angelito dormido sobre alas (Prot\u00e9geme mi \u00e1ngel)\"}]},{\"@type\":\"WebSite\",\"@id\":\"https:\/\/latienditadesanjose.com\/#website\",\"url\":\"https:\/\/latienditadesanjose.com\/\",\"name\":\"LA TIENDITA DE SAN JOS\u00c9\",\"description\":\"Tienda cat\u00f3lica online\",\"publisher\":{\"@id\":\"https:\/\/latienditadesanjose.com\/#organization\"},\"potentialAction\":[{\"@type\":\"SearchAction\",\"target\":{\"@type\":\"EntryPoint\",\"urlTemplate\":\"https:\/\/latienditadesanjose.com\/?s={search_term_string}\"},\"query-input\":\"required name=search_term_string\"}],\"inLanguage\":\"es\"},{\"@type\":\"Organization\",\"@id\":\"https:\/\/latienditadesanjose.com\/#organization\",\"name\":\"La tiendita San Jos\u00e9\",\"url\":\"https:\/\/latienditadesanjose.com\/\",\"logo\":{\"@type\":\"ImageObject\",\"inLanguage\":\"es\",\"@id\":\"https:\/\/latienditadesanjose.com\/#\/schema\/logo\/image\/\",\"url\":\"https:\/\/latienditadesanjose.com\/wp-content\/uploads\/2024\/03\/cropped-LOGO.png\",\"contentUrl\":\"https:\/\/latienditadesanjose.com\/wp-content\/uploads\/2024\/03\/cropped-LOGO.png\",\"width\":694,\"height\":254,\"caption\":\"La tiendita San Jos\u00e9\"},\"image\":{\"@id\":\"https:\/\/latienditadesanjose.com\/#\/schema\/logo\/image\/\"}}]}<\/script>\n<!-- \/ Yoast SEO plugin. -->","yoast_head_json":{"title":"Angelito dormido sobre alas (Prot\u00e9geme mi \u00e1ngel) - LA TIENDITA DE SAN JOS\u00c9","robots":{"index":"index","follow":"follow","max-snippet":"max-snippet:-1","max-image-preview":"max-image-preview:large","max-video-preview":"max-video-preview:-1"},"canonical":"https:\/\/latienditadesanjose.com\/index.php\/producto\/protegeme-mi-angel\/","og_locale":"es_ES","og_type":"article","og_title":"Angelito dormido sobre alas (Prot\u00e9geme mi \u00e1ngel) - LA TIENDITA DE SAN JOS\u00c9","og_description":"El Papa Juan XXIII dice que nuestra fe nos ense\u00f1a que ninguno de nosotros est\u00e1 solo, porque desde el mismo instante en que un alma es creada por Dios para un nuevo ser humano - especialmente desde que la gracia de los sacramentos lo envuelve con su luz inefable - un \u00c1ngel perteneciente a las santas falanges de los esp\u00edritus celestes, es llamado para permanecer a su lado durante todo su peregrinaje terrestre.  Excelente opci\u00f3n de regalo para un Bautismo o complemento para decorar un altar.","og_url":"https:\/\/latienditadesanjose.com\/index.php\/producto\/protegeme-mi-angel\/","og_site_name":"LA TIENDITA DE SAN JOS\u00c9","article_modified_time":"2022-10-31T15:59:59+00:00","og_image":[{"width":1333,"height":2000,"url":"https:\/\/latienditadesanjose.com\/wp-content\/uploads\/2021\/04\/160036YX.jpg","type":"image\/jpeg"}],"twitter_card":"summary_large_image","twitter_misc":{"Tiempo de lectura":"1 minuto"},"schema":{"@context":"https:\/\/schema.org","@graph":[{"@type":"WebPage","@id":"https:\/\/latienditadesanjose.com\/index.php\/producto\/protegeme-mi-angel\/","url":"https:\/\/latienditadesanjose.com\/index.php\/producto\/protegeme-mi-angel\/","name":"Angelito dormido sobre alas (Prot\u00e9geme mi \u00e1ngel) - LA TIENDITA DE SAN JOS\u00c9","isPartOf":{"@id":"https:\/\/latienditadesanjose.com\/#website"},"primaryImageOfPage":{"@id":"https:\/\/latienditadesanjose.com\/index.php\/producto\/protegeme-mi-angel\/#primaryimage"},"image":{"@id":"https:\/\/latienditadesanjose.com\/index.php\/producto\/protegeme-mi-angel\/#primaryimage"},"thumbnailUrl":"https:\/\/latienditadesanjose.com\/wp-content\/uploads\/2021\/04\/160036YX.jpg","datePublished":"2021-04-20T22:14:21+00:00","dateModified":"2022-10-31T15:59:59+00:00","breadcrumb":{"@id":"https:\/\/latienditadesanjose.com\/index.php\/producto\/protegeme-mi-angel\/#breadcrumb"},"inLanguage":"es","potentialAction":[{"@type":"ReadAction","target":["https:\/\/latienditadesanjose.com\/index.php\/producto\/protegeme-mi-angel\/"]}]},{"@type":"ImageObject","inLanguage":"es","@id":"https:\/\/latienditadesanjose.com\/index.php\/producto\/protegeme-mi-angel\/#primaryimage","url":"https:\/\/latienditadesanjose.com\/wp-content\/uploads\/2021\/04\/160036YX.jpg","contentUrl":"https:\/\/latienditadesanjose.com\/wp-content\/uploads\/2021\/04\/160036YX.jpg","width":1333,"height":2000},{"@type":"BreadcrumbList","@id":"https:\/\/latienditadesanjose.com\/index.php\/producto\/protegeme-mi-angel\/#breadcrumb","itemListElement":[{"@type":"ListItem","position":1,"name":"Portada","item":"https:\/\/latienditadesanjose.com\/"},{"@type":"ListItem","position":2,"name":"Tienda","item":"https:\/\/latienditadesanjose.com\/index.php\/shop\/"},{"@type":"ListItem","position":3,"name":"Angelito dormido sobre alas (Prot\u00e9geme mi \u00e1ngel)"}]},{"@type":"WebSite","@id":"https:\/\/latienditadesanjose.com\/#website","url":"https:\/\/latienditadesanjose.com\/","name":"LA TIENDITA DE SAN JOS\u00c9","description":"Tienda cat\u00f3lica online","publisher":{"@id":"https:\/\/latienditadesanjose.com\/#organization"},"potentialAction":[{"@type":"SearchAction","target":{"@type":"EntryPoint","urlTemplate":"https:\/\/latienditadesanjose.com\/?s={search_term_string}"},"query-input":"required name=search_term_string"}],"inLanguage":"es"},{"@type":"Organization","@id":"https:\/\/latienditadesanjose.com\/#organization","name":"La tiendita San Jos\u00e9","url":"https:\/\/latienditadesanjose.com\/","logo":{"@type":"ImageObject","inLanguage":"es","@id":"https:\/\/latienditadesanjose.com\/#\/schema\/logo\/image\/","url":"https:\/\/latienditadesanjose.com\/wp-content\/uploads\/2024\/03\/cropped-LOGO.png","contentUrl":"https:\/\/latienditadesanjose.com\/wp-content\/uploads\/2024\/03\/cropped-LOGO.png","width":694,"height":254,"caption":"La tiendita San Jos\u00e9"},"image":{"@id":"https:\/\/latienditadesanjose.com\/#\/schema\/logo\/image\/"}}]}},"_links":{"self":[{"href":"https:\/\/latienditadesanjose.com\/index.php\/wp-json\/wp\/v2\/product\/8493"}],"collection":[{"href":"https:\/\/latienditadesanjose.com\/index.php\/wp-json\/wp\/v2\/product"}],"about":[{"href":"https:\/\/latienditadesanjose.com\/index.php\/wp-json\/wp\/v2\/types\/product"}],"replies":[{"embeddable":true,"href":"https:\/\/latienditadesanjose.com\/index.php\/wp-json\/wp\/v2\/comments?post=8493"}],"wp:featuredmedia":[{"embeddable":true,"href":"https:\/\/latienditadesanjose.com\/index.php\/wp-json\/wp\/v2\/media\/8469"}],"wp:attachment":[{"href":"https:\/\/latienditadesanjose.com\/index.php\/wp-json\/wp\/v2\/media?parent=8493"}],"curies":[{"name":"wp","href":"https:\/\/api.w.org\/{rel}","templated":true}]}}