{"id":8577,"date":"2021-04-22T04:47:06","date_gmt":"2021-04-22T09:47:06","guid":{"rendered":"https:\/\/latienditadesanjose.com\/?post_type=product&#038;p=8577"},"modified":"2024-07-30T15:41:41","modified_gmt":"2024-07-30T20:41:41","slug":"nuestra-senora-de-la-salette","status":"publish","type":"product","link":"https:\/\/latienditadesanjose.com\/index.php\/producto\/nuestra-senora-de-la-salette\/","title":{"rendered":"Nuestra Se\u00f1ora de la Salette"},"content":{"rendered":"<ul>\n<li><span style=\"color: #808080;\">Pintado a mano.<\/span><\/li>\n<li><span style=\"color: #808080;\">Elaborado en poliresina.<\/span><\/li>\n<li><span style=\"color: #808080;\">Viene en su caja personalizada.<\/span><\/li>\n<li><span style=\"color: #808080;\">Tama\u00f1o alto: 9 cm<\/span><\/li>\n<\/ul>\n","protected":false},"excerpt":{"rendered":"<p><span style=\"color: #333399;\">La Salette Francia, es una de las apariciones que fueron aprobadas en el siglo XIX por SS Juan Pablo II.<\/span><\/p>\n<p><span style=\"color: #333399;\">Los pastorcitos Maximino y Melanie, vieron a la Virgen y recibieron sus mensajes urgentes para toda la humanidad.<\/span><\/p>\n<p><span style=\"color: #333399;\">La Virgen mencion\u00f3 espec\u00edficamente la necesidad de renunciar a dos graves pecados que se hab\u00edan hecho muy comunes:<\/span><\/p>\n<p><span style=\"color: #333399;\">1-La blasfemia.<\/span><\/p>\n<p><span style=\"color: #333399;\">2-El no tomar el domingo como d\u00eda de descanso y asistencia a la Santa Misa.<\/span><\/p>\n<p><span style=\"color: #333399;\">Pidi\u00f3 a los ni\u00f1os que rezaran, hicieran sacrificios y propagaran su mensaje.<\/span><\/p>\n<p><span style=\"color: #333399;\">La Virgen lloraba, con su cabeza entre sus manos, porque los hombres ignoran la cruz de Jesucristo.<\/span><\/p>\n<p><span style=\"color: #333399;\">Varias congregaciones se han fundado por inspiraci\u00f3n de La Salette, entre estas, los Misioneros y las Hermanas de Nuestra Se\u00f1ora de La Salette, que est\u00e1n dedicados a propagar el mensaje de reconciliaci\u00f3n.<\/span><\/p>\n","protected":false},"featured_media":8579,"comment_status":"open","ping_status":"closed","template":"","meta":{"_editorskit_title_hidden":false,"_editorskit_reading_time":0,"kt_blocks_editor_width":"","_kad_post_transparent":"default","_kad_post_title":"","_kad_post_layout":"default","_kad_post_sidebar_id":"","_kad_post_content_style":"default","_kad_post_vertical_padding":"default","_kad_post_feature":"","_kad_post_feature_position":"","_kad_post_header":false,"_kad_post_footer":false},"yoast_head":"<!-- This site is optimized with the Yoast SEO plugin v22.6 - https:\/\/yoast.com\/wordpress\/plugins\/seo\/ -->\n<title>Nuestra Se\u00f1ora de la Salette - LA TIENDITA DE SAN JOS\u00c9<\/title>\n<meta name=\"robots\" content=\"index, follow, max-snippet:-1, max-image-preview:large, max-video-preview:-1\" \/>\n<link rel=\"canonical\" href=\"https:\/\/latienditadesanjose.com\/index.php\/producto\/nuestra-senora-de-la-salette\/\" \/>\n<meta property=\"og:locale\" content=\"es_ES\" \/>\n<meta property=\"og:type\" content=\"article\" \/>\n<meta property=\"og:title\" content=\"Nuestra Se\u00f1ora de la Salette - LA TIENDITA DE SAN JOS\u00c9\" \/>\n<meta property=\"og:description\" content=\"La Salette Francia, es una de las apariciones que fueron aprobadas en el siglo XIX por SS Juan Pablo II.  Los pastorcitos Maximino y Melanie, vieron a la Virgen y recibieron sus mensajes urgentes para toda la humanidad.  La Virgen mencion\u00f3 espec\u00edficamente la necesidad de renunciar a dos graves pecados que se hab\u00edan hecho muy comunes:  1-La blasfemia.  2-El no tomar el domingo como d\u00eda de descanso y asistencia a la Santa Misa.  Pidi\u00f3 a los ni\u00f1os que rezaran, hicieran sacrificios y propagaran su mensaje.  La Virgen lloraba, con su cabeza entre sus manos, porque los hombres ignoran la cruz de Jesucristo.  Varias congregaciones se han fundado por inspiraci\u00f3n de La Salette, entre estas, los Misioneros y las Hermanas de Nuestra Se\u00f1ora de La Salette, que est\u00e1n dedicados a propagar el mensaje de reconciliaci\u00f3n.\" \/>\n<meta property=\"og:url\" content=\"https:\/\/latienditadesanjose.com\/index.php\/producto\/nuestra-senora-de-la-salette\/\" \/>\n<meta property=\"og:site_name\" content=\"LA TIENDITA DE SAN JOS\u00c9\" \/>\n<meta property=\"article:modified_time\" content=\"2024-07-30T20:41:41+00:00\" \/>\n<meta property=\"og:image\" content=\"https:\/\/latienditadesanjose.com\/wp-content\/uploads\/2021\/04\/155613YX.jpg\" \/>\n\t<meta property=\"og:image:width\" content=\"1333\" \/>\n\t<meta property=\"og:image:height\" content=\"2000\" \/>\n\t<meta property=\"og:image:type\" content=\"image\/jpeg\" \/>\n<meta name=\"twitter:card\" content=\"summary_large_image\" \/>\n<meta name=\"twitter:label1\" content=\"Tiempo de lectura\" \/>\n\t<meta name=\"twitter:data1\" content=\"1 minuto\" \/>\n<script type=\"application\/ld+json\" class=\"yoast-schema-graph\">{\"@context\":\"https:\/\/schema.org\",\"@graph\":[{\"@type\":\"WebPage\",\"@id\":\"https:\/\/latienditadesanjose.com\/index.php\/producto\/nuestra-senora-de-la-salette\/\",\"url\":\"https:\/\/latienditadesanjose.com\/index.php\/producto\/nuestra-senora-de-la-salette\/\",\"name\":\"Nuestra Se\u00f1ora de la Salette - LA TIENDITA DE SAN JOS\u00c9\",\"isPartOf\":{\"@id\":\"https:\/\/latienditadesanjose.com\/#website\"},\"primaryImageOfPage\":{\"@id\":\"https:\/\/latienditadesanjose.com\/index.php\/producto\/nuestra-senora-de-la-salette\/#primaryimage\"},\"image\":{\"@id\":\"https:\/\/latienditadesanjose.com\/index.php\/producto\/nuestra-senora-de-la-salette\/#primaryimage\"},\"thumbnailUrl\":\"https:\/\/latienditadesanjose.com\/wp-content\/uploads\/2021\/04\/155613YX.jpg\",\"datePublished\":\"2021-04-22T09:47:06+00:00\",\"dateModified\":\"2024-07-30T20:41:41+00:00\",\"breadcrumb\":{\"@id\":\"https:\/\/latienditadesanjose.com\/index.php\/producto\/nuestra-senora-de-la-salette\/#breadcrumb\"},\"inLanguage\":\"es\",\"potentialAction\":[{\"@type\":\"ReadAction\",\"target\":[\"https:\/\/latienditadesanjose.com\/index.php\/producto\/nuestra-senora-de-la-salette\/\"]}]},{\"@type\":\"ImageObject\",\"inLanguage\":\"es\",\"@id\":\"https:\/\/latienditadesanjose.com\/index.php\/producto\/nuestra-senora-de-la-salette\/#primaryimage\",\"url\":\"https:\/\/latienditadesanjose.com\/wp-content\/uploads\/2021\/04\/155613YX.jpg\",\"contentUrl\":\"https:\/\/latienditadesanjose.com\/wp-content\/uploads\/2021\/04\/155613YX.jpg\",\"width\":1333,\"height\":2000},{\"@type\":\"BreadcrumbList\",\"@id\":\"https:\/\/latienditadesanjose.com\/index.php\/producto\/nuestra-senora-de-la-salette\/#breadcrumb\",\"itemListElement\":[{\"@type\":\"ListItem\",\"position\":1,\"name\":\"Portada\",\"item\":\"https:\/\/latienditadesanjose.com\/\"},{\"@type\":\"ListItem\",\"position\":2,\"name\":\"Tienda\",\"item\":\"https:\/\/latienditadesanjose.com\/index.php\/shop\/\"},{\"@type\":\"ListItem\",\"position\":3,\"name\":\"Nuestra Se\u00f1ora de la Salette\"}]},{\"@type\":\"WebSite\",\"@id\":\"https:\/\/latienditadesanjose.com\/#website\",\"url\":\"https:\/\/latienditadesanjose.com\/\",\"name\":\"LA TIENDITA DE SAN JOS\u00c9\",\"description\":\"Tienda cat\u00f3lica online\",\"publisher\":{\"@id\":\"https:\/\/latienditadesanjose.com\/#organization\"},\"potentialAction\":[{\"@type\":\"SearchAction\",\"target\":{\"@type\":\"EntryPoint\",\"urlTemplate\":\"https:\/\/latienditadesanjose.com\/?s={search_term_string}\"},\"query-input\":\"required name=search_term_string\"}],\"inLanguage\":\"es\"},{\"@type\":\"Organization\",\"@id\":\"https:\/\/latienditadesanjose.com\/#organization\",\"name\":\"La tiendita San Jos\u00e9\",\"url\":\"https:\/\/latienditadesanjose.com\/\",\"logo\":{\"@type\":\"ImageObject\",\"inLanguage\":\"es\",\"@id\":\"https:\/\/latienditadesanjose.com\/#\/schema\/logo\/image\/\",\"url\":\"https:\/\/latienditadesanjose.com\/wp-content\/uploads\/2024\/03\/cropped-LOGO.png\",\"contentUrl\":\"https:\/\/latienditadesanjose.com\/wp-content\/uploads\/2024\/03\/cropped-LOGO.png\",\"width\":694,\"height\":254,\"caption\":\"La tiendita San Jos\u00e9\"},\"image\":{\"@id\":\"https:\/\/latienditadesanjose.com\/#\/schema\/logo\/image\/\"}}]}<\/script>\n<!-- \/ Yoast SEO plugin. -->","yoast_head_json":{"title":"Nuestra Se\u00f1ora de la Salette - LA TIENDITA DE SAN JOS\u00c9","robots":{"index":"index","follow":"follow","max-snippet":"max-snippet:-1","max-image-preview":"max-image-preview:large","max-video-preview":"max-video-preview:-1"},"canonical":"https:\/\/latienditadesanjose.com\/index.php\/producto\/nuestra-senora-de-la-salette\/","og_locale":"es_ES","og_type":"article","og_title":"Nuestra Se\u00f1ora de la Salette - LA TIENDITA DE SAN JOS\u00c9","og_description":"La Salette Francia, es una de las apariciones que fueron aprobadas en el siglo XIX por SS Juan Pablo II.  Los pastorcitos Maximino y Melanie, vieron a la Virgen y recibieron sus mensajes urgentes para toda la humanidad.  La Virgen mencion\u00f3 espec\u00edficamente la necesidad de renunciar a dos graves pecados que se hab\u00edan hecho muy comunes:  1-La blasfemia.  2-El no tomar el domingo como d\u00eda de descanso y asistencia a la Santa Misa.  Pidi\u00f3 a los ni\u00f1os que rezaran, hicieran sacrificios y propagaran su mensaje.  La Virgen lloraba, con su cabeza entre sus manos, porque los hombres ignoran la cruz de Jesucristo.  Varias congregaciones se han fundado por inspiraci\u00f3n de La Salette, entre estas, los Misioneros y las Hermanas de Nuestra Se\u00f1ora de La Salette, que est\u00e1n dedicados a propagar el mensaje de reconciliaci\u00f3n.","og_url":"https:\/\/latienditadesanjose.com\/index.php\/producto\/nuestra-senora-de-la-salette\/","og_site_name":"LA TIENDITA DE SAN JOS\u00c9","article_modified_time":"2024-07-30T20:41:41+00:00","og_image":[{"width":1333,"height":2000,"url":"https:\/\/latienditadesanjose.com\/wp-content\/uploads\/2021\/04\/155613YX.jpg","type":"image\/jpeg"}],"twitter_card":"summary_large_image","twitter_misc":{"Tiempo de lectura":"1 minuto"},"schema":{"@context":"https:\/\/schema.org","@graph":[{"@type":"WebPage","@id":"https:\/\/latienditadesanjose.com\/index.php\/producto\/nuestra-senora-de-la-salette\/","url":"https:\/\/latienditadesanjose.com\/index.php\/producto\/nuestra-senora-de-la-salette\/","name":"Nuestra Se\u00f1ora de la Salette - LA TIENDITA DE SAN JOS\u00c9","isPartOf":{"@id":"https:\/\/latienditadesanjose.com\/#website"},"primaryImageOfPage":{"@id":"https:\/\/latienditadesanjose.com\/index.php\/producto\/nuestra-senora-de-la-salette\/#primaryimage"},"image":{"@id":"https:\/\/latienditadesanjose.com\/index.php\/producto\/nuestra-senora-de-la-salette\/#primaryimage"},"thumbnailUrl":"https:\/\/latienditadesanjose.com\/wp-content\/uploads\/2021\/04\/155613YX.jpg","datePublished":"2021-04-22T09:47:06+00:00","dateModified":"2024-07-30T20:41:41+00:00","breadcrumb":{"@id":"https:\/\/latienditadesanjose.com\/index.php\/producto\/nuestra-senora-de-la-salette\/#breadcrumb"},"inLanguage":"es","potentialAction":[{"@type":"ReadAction","target":["https:\/\/latienditadesanjose.com\/index.php\/producto\/nuestra-senora-de-la-salette\/"]}]},{"@type":"ImageObject","inLanguage":"es","@id":"https:\/\/latienditadesanjose.com\/index.php\/producto\/nuestra-senora-de-la-salette\/#primaryimage","url":"https:\/\/latienditadesanjose.com\/wp-content\/uploads\/2021\/04\/155613YX.jpg","contentUrl":"https:\/\/latienditadesanjose.com\/wp-content\/uploads\/2021\/04\/155613YX.jpg","width":1333,"height":2000},{"@type":"BreadcrumbList","@id":"https:\/\/latienditadesanjose.com\/index.php\/producto\/nuestra-senora-de-la-salette\/#breadcrumb","itemListElement":[{"@type":"ListItem","position":1,"name":"Portada","item":"https:\/\/latienditadesanjose.com\/"},{"@type":"ListItem","position":2,"name":"Tienda","item":"https:\/\/latienditadesanjose.com\/index.php\/shop\/"},{"@type":"ListItem","position":3,"name":"Nuestra Se\u00f1ora de la Salette"}]},{"@type":"WebSite","@id":"https:\/\/latienditadesanjose.com\/#website","url":"https:\/\/latienditadesanjose.com\/","name":"LA TIENDITA DE SAN JOS\u00c9","description":"Tienda cat\u00f3lica online","publisher":{"@id":"https:\/\/latienditadesanjose.com\/#organization"},"potentialAction":[{"@type":"SearchAction","target":{"@type":"EntryPoint","urlTemplate":"https:\/\/latienditadesanjose.com\/?s={search_term_string}"},"query-input":"required name=search_term_string"}],"inLanguage":"es"},{"@type":"Organization","@id":"https:\/\/latienditadesanjose.com\/#organization","name":"La tiendita San Jos\u00e9","url":"https:\/\/latienditadesanjose.com\/","logo":{"@type":"ImageObject","inLanguage":"es","@id":"https:\/\/latienditadesanjose.com\/#\/schema\/logo\/image\/","url":"https:\/\/latienditadesanjose.com\/wp-content\/uploads\/2024\/03\/cropped-LOGO.png","contentUrl":"https:\/\/latienditadesanjose.com\/wp-content\/uploads\/2024\/03\/cropped-LOGO.png","width":694,"height":254,"caption":"La tiendita San Jos\u00e9"},"image":{"@id":"https:\/\/latienditadesanjose.com\/#\/schema\/logo\/image\/"}}]}},"_links":{"self":[{"href":"https:\/\/latienditadesanjose.com\/index.php\/wp-json\/wp\/v2\/product\/8577"}],"collection":[{"href":"https:\/\/latienditadesanjose.com\/index.php\/wp-json\/wp\/v2\/product"}],"about":[{"href":"https:\/\/latienditadesanjose.com\/index.php\/wp-json\/wp\/v2\/types\/product"}],"replies":[{"embeddable":true,"href":"https:\/\/latienditadesanjose.com\/index.php\/wp-json\/wp\/v2\/comments?post=8577"}],"wp:featuredmedia":[{"embeddable":true,"href":"https:\/\/latienditadesanjose.com\/index.php\/wp-json\/wp\/v2\/media\/8579"}],"wp:attachment":[{"href":"https:\/\/latienditadesanjose.com\/index.php\/wp-json\/wp\/v2\/media?parent=8577"}],"curies":[{"name":"wp","href":"https:\/\/api.w.org\/{rel}","templated":true}]}}