{"id":8860,"date":"2021-05-16T14:29:41","date_gmt":"2021-05-16T19:29:41","guid":{"rendered":"https:\/\/latienditadesanjose.com\/?post_type=product&#038;p=8860"},"modified":"2024-04-22T14:04:53","modified_gmt":"2024-04-22T19:04:53","slug":"guardame-como-a-la-nina-de-tus-ojos-conjunto-nina","status":"publish","type":"product","link":"https:\/\/latienditadesanjose.com\/index.php\/producto\/guardame-como-a-la-nina-de-tus-ojos-conjunto-nina\/","title":{"rendered":"\u00abGu\u00e1rdame como a la ni\u00f1a de tus ojos\u00bb Conjunto ni\u00f1a"},"content":{"rendered":"<ul>\n<li><span style=\"color: #808080;\">Blusa elaborada: 100% algod\u00f3n<\/span><\/li>\n<li><span style=\"color: #808080;\">Lycra elaborada: 100% algod\u00f3n lycra-grueso<\/span><\/li>\n<li><span style=\"color: #808080;\">Etiqueta \u201cEl caminito\u201d: no molestan la piel de tu ni\u00f1a<\/span><\/li>\n<li><span style=\"color: #808080;\">Incluye: bordado innovador exclusivo \u201cEl caminito\u201d de Virgen Mar\u00eda en blusa y lycra<\/span><\/li>\n<li><span style=\"color: #808080;\">No sublimado \u2013 No polyester<\/span><\/li>\n<\/ul>\n<p><span style=\"color: #808080;\">\u00a9 Dise\u00f1os exclusivos de \u201cEl caminito\u201d \/ Derecho de Autor<\/span><\/p>\n","protected":false},"excerpt":{"rendered":"<p><span style=\"color: #333399;\">\u00abGu\u00e1rdame como a la ni\u00f1a de tus ojos\u00bb Salmo 17:8. Recordamos con este Salmo, el clamor de David. <\/span><\/p>\n<p><span style=\"color: #333399;\">El dise\u00f1o innovador de un abrazo de Jes\u00fas en cada momento de nuestras vidas, <\/span><span style=\"color: #333399;\">lo hace perfecto para ni\u00f1as de todas las edades.<\/span><\/p>\n<p><span style=\"color: #333399;\">Excelente opci\u00f3n de regalo, para un cumplea\u00f1os, Primera Comuni\u00f3n o cualquier ocasi\u00f3n de afecto que le quieras dar a tu princesa.<\/span><\/p>\n","protected":false},"featured_media":8867,"comment_status":"open","ping_status":"closed","template":"","meta":{"_editorskit_title_hidden":false,"_editorskit_reading_time":0,"kt_blocks_editor_width":"","_kad_post_transparent":"default","_kad_post_title":"","_kad_post_layout":"default","_kad_post_sidebar_id":"","_kad_post_content_style":"default","_kad_post_vertical_padding":"default","_kad_post_feature":"","_kad_post_feature_position":"","_kad_post_header":false,"_kad_post_footer":false},"yoast_head":"<!-- This site is optimized with the Yoast SEO plugin v22.6 - https:\/\/yoast.com\/wordpress\/plugins\/seo\/ -->\n<title>&quot;Gu\u00e1rdame como a la ni\u00f1a de tus ojos&quot; Conjunto ni\u00f1a - LA TIENDITA DE SAN JOS\u00c9<\/title>\n<meta name=\"robots\" content=\"index, follow, max-snippet:-1, max-image-preview:large, max-video-preview:-1\" \/>\n<link rel=\"canonical\" href=\"https:\/\/latienditadesanjose.com\/index.php\/producto\/guardame-como-a-la-nina-de-tus-ojos-conjunto-nina\/\" \/>\n<meta property=\"og:locale\" content=\"es_ES\" \/>\n<meta property=\"og:type\" content=\"article\" \/>\n<meta property=\"og:title\" content=\"&quot;Gu\u00e1rdame como a la ni\u00f1a de tus ojos&quot; Conjunto ni\u00f1a - LA TIENDITA DE SAN JOS\u00c9\" \/>\n<meta property=\"og:description\" content=\"&quot;Gu\u00e1rdame como a la ni\u00f1a de tus ojos&quot; Salmo 17:8. Recordamos con este Salmo, el clamor de David.   El dise\u00f1o innovador de un abrazo de Jes\u00fas en cada momento de nuestras vidas, lo hace perfecto para ni\u00f1as de todas las edades.  Excelente opci\u00f3n de regalo, para un cumplea\u00f1os, Primera Comuni\u00f3n o cualquier ocasi\u00f3n de afecto que le quieras dar a tu princesa.\" \/>\n<meta property=\"og:url\" content=\"https:\/\/latienditadesanjose.com\/index.php\/producto\/guardame-como-a-la-nina-de-tus-ojos-conjunto-nina\/\" \/>\n<meta property=\"og:site_name\" content=\"LA TIENDITA DE SAN JOS\u00c9\" \/>\n<meta property=\"article:modified_time\" content=\"2024-04-22T19:04:53+00:00\" \/>\n<meta property=\"og:image\" content=\"https:\/\/latienditadesanjose.com\/wp-content\/uploads\/2021\/05\/cortes04.png\" \/>\n\t<meta property=\"og:image:width\" content=\"1000\" \/>\n\t<meta property=\"og:image:height\" content=\"1000\" \/>\n\t<meta property=\"og:image:type\" content=\"image\/png\" \/>\n<meta name=\"twitter:card\" content=\"summary_large_image\" \/>\n<script type=\"application\/ld+json\" class=\"yoast-schema-graph\">{\"@context\":\"https:\/\/schema.org\",\"@graph\":[{\"@type\":\"WebPage\",\"@id\":\"https:\/\/latienditadesanjose.com\/index.php\/producto\/guardame-como-a-la-nina-de-tus-ojos-conjunto-nina\/\",\"url\":\"https:\/\/latienditadesanjose.com\/index.php\/producto\/guardame-como-a-la-nina-de-tus-ojos-conjunto-nina\/\",\"name\":\"\\\"Gu\u00e1rdame como a la ni\u00f1a de tus ojos\\\" Conjunto ni\u00f1a - LA TIENDITA DE SAN JOS\u00c9\",\"isPartOf\":{\"@id\":\"https:\/\/latienditadesanjose.com\/#website\"},\"primaryImageOfPage\":{\"@id\":\"https:\/\/latienditadesanjose.com\/index.php\/producto\/guardame-como-a-la-nina-de-tus-ojos-conjunto-nina\/#primaryimage\"},\"image\":{\"@id\":\"https:\/\/latienditadesanjose.com\/index.php\/producto\/guardame-como-a-la-nina-de-tus-ojos-conjunto-nina\/#primaryimage\"},\"thumbnailUrl\":\"https:\/\/latienditadesanjose.com\/wp-content\/uploads\/2021\/05\/cortes04.png\",\"datePublished\":\"2021-05-16T19:29:41+00:00\",\"dateModified\":\"2024-04-22T19:04:53+00:00\",\"breadcrumb\":{\"@id\":\"https:\/\/latienditadesanjose.com\/index.php\/producto\/guardame-como-a-la-nina-de-tus-ojos-conjunto-nina\/#breadcrumb\"},\"inLanguage\":\"es\",\"potentialAction\":[{\"@type\":\"ReadAction\",\"target\":[\"https:\/\/latienditadesanjose.com\/index.php\/producto\/guardame-como-a-la-nina-de-tus-ojos-conjunto-nina\/\"]}]},{\"@type\":\"ImageObject\",\"inLanguage\":\"es\",\"@id\":\"https:\/\/latienditadesanjose.com\/index.php\/producto\/guardame-como-a-la-nina-de-tus-ojos-conjunto-nina\/#primaryimage\",\"url\":\"https:\/\/latienditadesanjose.com\/wp-content\/uploads\/2021\/05\/cortes04.png\",\"contentUrl\":\"https:\/\/latienditadesanjose.com\/wp-content\/uploads\/2021\/05\/cortes04.png\",\"width\":1000,\"height\":1000},{\"@type\":\"BreadcrumbList\",\"@id\":\"https:\/\/latienditadesanjose.com\/index.php\/producto\/guardame-como-a-la-nina-de-tus-ojos-conjunto-nina\/#breadcrumb\",\"itemListElement\":[{\"@type\":\"ListItem\",\"position\":1,\"name\":\"Portada\",\"item\":\"https:\/\/latienditadesanjose.com\/\"},{\"@type\":\"ListItem\",\"position\":2,\"name\":\"Tienda\",\"item\":\"https:\/\/latienditadesanjose.com\/index.php\/shop\/\"},{\"@type\":\"ListItem\",\"position\":3,\"name\":\"&#8220;Gu\u00e1rdame como a la ni\u00f1a de tus ojos&#8221; Conjunto ni\u00f1a\"}]},{\"@type\":\"WebSite\",\"@id\":\"https:\/\/latienditadesanjose.com\/#website\",\"url\":\"https:\/\/latienditadesanjose.com\/\",\"name\":\"LA TIENDITA DE SAN JOS\u00c9\",\"description\":\"Tienda cat\u00f3lica online\",\"publisher\":{\"@id\":\"https:\/\/latienditadesanjose.com\/#organization\"},\"potentialAction\":[{\"@type\":\"SearchAction\",\"target\":{\"@type\":\"EntryPoint\",\"urlTemplate\":\"https:\/\/latienditadesanjose.com\/?s={search_term_string}\"},\"query-input\":\"required name=search_term_string\"}],\"inLanguage\":\"es\"},{\"@type\":\"Organization\",\"@id\":\"https:\/\/latienditadesanjose.com\/#organization\",\"name\":\"La tiendita San Jos\u00e9\",\"url\":\"https:\/\/latienditadesanjose.com\/\",\"logo\":{\"@type\":\"ImageObject\",\"inLanguage\":\"es\",\"@id\":\"https:\/\/latienditadesanjose.com\/#\/schema\/logo\/image\/\",\"url\":\"https:\/\/latienditadesanjose.com\/wp-content\/uploads\/2024\/03\/cropped-LOGO.png\",\"contentUrl\":\"https:\/\/latienditadesanjose.com\/wp-content\/uploads\/2024\/03\/cropped-LOGO.png\",\"width\":694,\"height\":254,\"caption\":\"La tiendita San Jos\u00e9\"},\"image\":{\"@id\":\"https:\/\/latienditadesanjose.com\/#\/schema\/logo\/image\/\"}}]}<\/script>\n<!-- \/ Yoast SEO plugin. -->","yoast_head_json":{"title":"\"Gu\u00e1rdame como a la ni\u00f1a de tus ojos\" Conjunto ni\u00f1a - LA TIENDITA DE SAN JOS\u00c9","robots":{"index":"index","follow":"follow","max-snippet":"max-snippet:-1","max-image-preview":"max-image-preview:large","max-video-preview":"max-video-preview:-1"},"canonical":"https:\/\/latienditadesanjose.com\/index.php\/producto\/guardame-como-a-la-nina-de-tus-ojos-conjunto-nina\/","og_locale":"es_ES","og_type":"article","og_title":"\"Gu\u00e1rdame como a la ni\u00f1a de tus ojos\" Conjunto ni\u00f1a - LA TIENDITA DE SAN JOS\u00c9","og_description":"\"Gu\u00e1rdame como a la ni\u00f1a de tus ojos\" Salmo 17:8. Recordamos con este Salmo, el clamor de David.   El dise\u00f1o innovador de un abrazo de Jes\u00fas en cada momento de nuestras vidas, lo hace perfecto para ni\u00f1as de todas las edades.  Excelente opci\u00f3n de regalo, para un cumplea\u00f1os, Primera Comuni\u00f3n o cualquier ocasi\u00f3n de afecto que le quieras dar a tu princesa.","og_url":"https:\/\/latienditadesanjose.com\/index.php\/producto\/guardame-como-a-la-nina-de-tus-ojos-conjunto-nina\/","og_site_name":"LA TIENDITA DE SAN JOS\u00c9","article_modified_time":"2024-04-22T19:04:53+00:00","og_image":[{"width":1000,"height":1000,"url":"https:\/\/latienditadesanjose.com\/wp-content\/uploads\/2021\/05\/cortes04.png","type":"image\/png"}],"twitter_card":"summary_large_image","schema":{"@context":"https:\/\/schema.org","@graph":[{"@type":"WebPage","@id":"https:\/\/latienditadesanjose.com\/index.php\/producto\/guardame-como-a-la-nina-de-tus-ojos-conjunto-nina\/","url":"https:\/\/latienditadesanjose.com\/index.php\/producto\/guardame-como-a-la-nina-de-tus-ojos-conjunto-nina\/","name":"\"Gu\u00e1rdame como a la ni\u00f1a de tus ojos\" Conjunto ni\u00f1a - LA TIENDITA DE SAN JOS\u00c9","isPartOf":{"@id":"https:\/\/latienditadesanjose.com\/#website"},"primaryImageOfPage":{"@id":"https:\/\/latienditadesanjose.com\/index.php\/producto\/guardame-como-a-la-nina-de-tus-ojos-conjunto-nina\/#primaryimage"},"image":{"@id":"https:\/\/latienditadesanjose.com\/index.php\/producto\/guardame-como-a-la-nina-de-tus-ojos-conjunto-nina\/#primaryimage"},"thumbnailUrl":"https:\/\/latienditadesanjose.com\/wp-content\/uploads\/2021\/05\/cortes04.png","datePublished":"2021-05-16T19:29:41+00:00","dateModified":"2024-04-22T19:04:53+00:00","breadcrumb":{"@id":"https:\/\/latienditadesanjose.com\/index.php\/producto\/guardame-como-a-la-nina-de-tus-ojos-conjunto-nina\/#breadcrumb"},"inLanguage":"es","potentialAction":[{"@type":"ReadAction","target":["https:\/\/latienditadesanjose.com\/index.php\/producto\/guardame-como-a-la-nina-de-tus-ojos-conjunto-nina\/"]}]},{"@type":"ImageObject","inLanguage":"es","@id":"https:\/\/latienditadesanjose.com\/index.php\/producto\/guardame-como-a-la-nina-de-tus-ojos-conjunto-nina\/#primaryimage","url":"https:\/\/latienditadesanjose.com\/wp-content\/uploads\/2021\/05\/cortes04.png","contentUrl":"https:\/\/latienditadesanjose.com\/wp-content\/uploads\/2021\/05\/cortes04.png","width":1000,"height":1000},{"@type":"BreadcrumbList","@id":"https:\/\/latienditadesanjose.com\/index.php\/producto\/guardame-como-a-la-nina-de-tus-ojos-conjunto-nina\/#breadcrumb","itemListElement":[{"@type":"ListItem","position":1,"name":"Portada","item":"https:\/\/latienditadesanjose.com\/"},{"@type":"ListItem","position":2,"name":"Tienda","item":"https:\/\/latienditadesanjose.com\/index.php\/shop\/"},{"@type":"ListItem","position":3,"name":"&#8220;Gu\u00e1rdame como a la ni\u00f1a de tus ojos&#8221; Conjunto ni\u00f1a"}]},{"@type":"WebSite","@id":"https:\/\/latienditadesanjose.com\/#website","url":"https:\/\/latienditadesanjose.com\/","name":"LA TIENDITA DE SAN JOS\u00c9","description":"Tienda cat\u00f3lica online","publisher":{"@id":"https:\/\/latienditadesanjose.com\/#organization"},"potentialAction":[{"@type":"SearchAction","target":{"@type":"EntryPoint","urlTemplate":"https:\/\/latienditadesanjose.com\/?s={search_term_string}"},"query-input":"required name=search_term_string"}],"inLanguage":"es"},{"@type":"Organization","@id":"https:\/\/latienditadesanjose.com\/#organization","name":"La tiendita San Jos\u00e9","url":"https:\/\/latienditadesanjose.com\/","logo":{"@type":"ImageObject","inLanguage":"es","@id":"https:\/\/latienditadesanjose.com\/#\/schema\/logo\/image\/","url":"https:\/\/latienditadesanjose.com\/wp-content\/uploads\/2024\/03\/cropped-LOGO.png","contentUrl":"https:\/\/latienditadesanjose.com\/wp-content\/uploads\/2024\/03\/cropped-LOGO.png","width":694,"height":254,"caption":"La tiendita San Jos\u00e9"},"image":{"@id":"https:\/\/latienditadesanjose.com\/#\/schema\/logo\/image\/"}}]}},"_links":{"self":[{"href":"https:\/\/latienditadesanjose.com\/index.php\/wp-json\/wp\/v2\/product\/8860"}],"collection":[{"href":"https:\/\/latienditadesanjose.com\/index.php\/wp-json\/wp\/v2\/product"}],"about":[{"href":"https:\/\/latienditadesanjose.com\/index.php\/wp-json\/wp\/v2\/types\/product"}],"replies":[{"embeddable":true,"href":"https:\/\/latienditadesanjose.com\/index.php\/wp-json\/wp\/v2\/comments?post=8860"}],"wp:featuredmedia":[{"embeddable":true,"href":"https:\/\/latienditadesanjose.com\/index.php\/wp-json\/wp\/v2\/media\/8867"}],"wp:attachment":[{"href":"https:\/\/latienditadesanjose.com\/index.php\/wp-json\/wp\/v2\/media?parent=8860"}],"curies":[{"name":"wp","href":"https:\/\/api.w.org\/{rel}","templated":true}]}}